{"id":12577,"date":"2021-05-18T10:30:03","date_gmt":"2021-05-18T08:30:03","guid":{"rendered":"https:\/\/fondation-grenoble-inp.fr\/?post_type=projet&#038;p=12577"},"modified":"2023-04-26T10:03:59","modified_gmt":"2023-04-26T08:03:59","slug":"analyser-un-territoire-roannais-agglomeration","status":"publish","type":"projet","link":"http:\/\/fondation-grenoble-inp.fr\/en\/projet\/analyser-un-territoire-roannais-agglomeration\/","title":{"rendered":"Analysis of a territory: Roannais agglomeration"},"content":{"rendered":"<p><strong>Project leader :<\/strong> <a href=\"https:\/\/www.linkedin.com\/in\/regis-largillier-47691514\/\" target=\"_blank\" rel=\"noreferrer noopener\">R\u00e9gis Largillier<\/a><\/p>\n\n\n\n<p><strong>Axe de recherche du projet<\/strong>&nbsp;: Projets de recherche pour \u00e9clairer les d\u00e9cideurs et mobiliser de nouveaux acteurs sur la lutte contre la pr\u00e9carit\u00e9 \u00e9nerg\u00e9tique<\/p>\n\n\n\n<p><strong>Organisations associated with the project <\/strong>: <a href=\"https:\/\/www.isg.fr\/\" target=\"_blank\" rel=\"noreferrer noopener\">ISG<\/a> &#8211; <a href=\"https:\/\/odenore.msh-alpes.fr\/\" target=\"_blank\" rel=\"noreferrer noopener\">Odenore<\/a> &#8211; <a href=\"http:\/\/www.laet.science\/\" target=\"_blank\" rel=\"noreferrer noopener\">LAET<\/a><\/p>\n\n\n\n<p><strong>The project<\/strong> : <\/p>\n\n\n\n<p>Roannais Agglom\u00e9ration, un territoire partenaire de la Chaire HOPE, a voulu r\u00e9unir autour d\u2019un m\u00eame sujet, la pr\u00e9carit\u00e9 \u00e9nerg\u00e9tique, des acteurs agissants sur des domaines diff\u00e9rents et qui n\u2019avaient pas l\u2019occasion de travailler ensemble. Il s\u2019agissait d\u2019identifier les compl\u00e9mentarit\u00e9s et les axes de collaborations n\u00e9cessaires dans la lutte contre pr\u00e9carit\u00e9 \u00e9nerg\u00e9tique.<\/p>\n\n\n\n<p>B\u00e9n\u00e9voles, associations, professionnels de la sant\u00e9, du logement, de la mobilit\u00e9, politiques ont pu entamer ce travail autour d\u2019ateliers r\u00e9unissant plus de 40 personnes le 25 janvier 2019 dans les locaux de la mairie de Roanne.<\/p>\n\n\n\n<p>Dans ce contexte, la chaire HOPE a lanc\u00e9 2 \u00e9tudes et s\u2019est associ\u00e9 \u00e0 un travail de recherche financ\u00e9 par l\u2019ADEME&nbsp;:<\/p>\n\n\n\n<ol type=\"1\"><li><strong>Pr\u00e9carit\u00e9 \u00e9nerg\u00e9tique et sant\u00e9 sur le territoire<\/strong><\/li><\/ol>\n\n\n\n<p>Quels enseignements tirer sur la mani\u00e8re dont les acteurs de terrain per\u00e7oivent la pr\u00e9carit\u00e9 \u00e9nerg\u00e9tique et ses liens avec la sant\u00e9 ?<\/p>\n\n\n\n<p><em>E<a href=\"https:\/\/fondation-grenoble-inp.fr\/wp-content\/uploads\/2023\/04\/Precarite-energetique-et-sante-sur-le-territoire-Ute-Dubois.pdf\" target=\"_blank\" rel=\"noreferrer noopener\">tude men\u00e9e par Ute Dubois \u2013 ISG Paris<\/a><\/em><\/p>\n\n\n\n<p>L\u2019objectif de cette recherche est d\u2019apporter un \u00e9clairage sur la th\u00e9matique de la pr\u00e9carit\u00e9 \u00e9nerg\u00e9tique avec un regard plus pr\u00e9cis sur les questions de sant\u00e9 sur le territoire de Roannais Agglom\u00e9ration.<\/p>\n\n\n\n<p>La m\u00e9thode de recherche employ\u00e9e est dite \u00ab qualitative \u00bb. L\u2019objectif de ce type de m\u00e9thode n\u2019est pas d\u2019aboutir \u00e0 une quantification du ph\u00e9nom\u00e8ne de pr\u00e9carit\u00e9 \u00e9nerg\u00e9tique, mais plut\u00f4t de tirer des enseignements sur la mani\u00e8re dont les acteurs de terrain per\u00e7oivent la pr\u00e9carit\u00e9 \u00e9nerg\u00e9tique et ses liens avec la sant\u00e9.<\/p>\n\n\n\n<figure class=\"wp-block-image size-large\"><img loading=\"lazy\" width=\"1024\" height=\"724\" src=\"https:\/\/fondation-grenoble-inp.fr\/wp-content\/uploads\/2021\/10\/ISG-1024x724.png\" alt=\"\" class=\"wp-image-12941\" srcset=\"https:\/\/fondation-grenoble-inp.fr\/wp-content\/uploads\/2021\/10\/ISG-1024x724.png 1024w, https:\/\/fondation-grenoble-inp.fr\/wp-content\/uploads\/2021\/10\/ISG-300x212.png 300w, https:\/\/fondation-grenoble-inp.fr\/wp-content\/uploads\/2021\/10\/ISG-768x543.png 768w, https:\/\/fondation-grenoble-inp.fr\/wp-content\/uploads\/2021\/10\/ISG.png 1456w\" sizes=\"(max-width: 1024px) 100vw, 1024px\" \/><figcaption>Illustration des travaux ISG dans le cadre de la chaire HOPE<\/figcaption><\/figure>\n\n\n\n<p>2. <strong>Barom\u00e8tre pr\u00e9carit\u00e9 \u00e9nerg\u00e9tique<\/strong><\/p>\n\n\n\n<p>Produire une connaissance sur le non-recours aux dispositifs et aides, nationales et locales, con\u00e7ues pour pr\u00e9venir ou r\u00e9duire la pr\u00e9carit\u00e9 \u00e9nerg\u00e9tique.<\/p>\n\n\n\n<p><em>Etude men\u00e9e par <a href=\"https:\/\/www.linkedin.com\/in\/antoine-rode-b19550a1\/\" target=\"_blank\" rel=\"noreferrer noopener\">Antoine Rode<\/a>, <a href=\"https:\/\/www.linkedin.com\/in\/h%C3%A9l%C3%A9na-revil-889970180\/\" target=\"_blank\" rel=\"noreferrer noopener\">H\u00e9l\u00e9na Revil<\/a> and <em><a href=\"https:\/\/www.linkedin.com\/in\/rania-el-fahli-a00457165\/\" target=\"_blank\" rel=\"noreferrer noopener\">Rania El Fahli<\/a><\/em> \u2013 <a href=\"https:\/\/odenore.msh-alpes.fr\/\" target=\"_blank\" rel=\"noreferrer noopener\">Odenore<\/a> &#8211; Laboratoire PACTE, Universit\u00e9 Grenoble Alpes<\/em><br><br>Le barom\u00e8tre pr\u00e9carit\u00e9 \u00e9nerg\u00e9tique a <strong>trois objectifs<\/strong> :<\/p>\n\n\n\n<ul><li>Caract\u00e9riser le ph\u00e9nom\u00e8ne de pr\u00e9carit\u00e9 \u00e9nerg\u00e9tique (logement et mobilit\u00e9) pour les publics rencontr\u00e9s par les acteurs sanitaires et sociaux partenaires de la d\u00e9marche<\/li><li>Identifier les cons\u00e9quences de la pr\u00e9carit\u00e9 \u00e9nerg\u00e9tique sur la sant\u00e9, du point de vue des publics<\/li><li>Produire une connaissance sur le non-recours aux dispositifs et aides, nationales et locales, con\u00e7ues pour pr\u00e9venir ou r\u00e9duire la pr\u00e9carit\u00e9 \u00e9nerg\u00e9tique<\/li><\/ul>\n\n\n\n<figure class=\"wp-block-image size-large\"><img loading=\"lazy\" width=\"1024\" height=\"725\" src=\"https:\/\/fondation-grenoble-inp.fr\/wp-content\/uploads\/2021\/10\/ODENORE-1024x725.png\" alt=\"\" class=\"wp-image-12942\" srcset=\"https:\/\/fondation-grenoble-inp.fr\/wp-content\/uploads\/2021\/10\/ODENORE-1024x725.png 1024w, https:\/\/fondation-grenoble-inp.fr\/wp-content\/uploads\/2021\/10\/ODENORE-300x212.png 300w, https:\/\/fondation-grenoble-inp.fr\/wp-content\/uploads\/2021\/10\/ODENORE-768x544.png 768w, https:\/\/fondation-grenoble-inp.fr\/wp-content\/uploads\/2021\/10\/ODENORE.png 1449w\" sizes=\"(max-width: 1024px) 100vw, 1024px\" \/><figcaption>Illustration des travaux men\u00e9s par ODENORE dans le cadre de la chaire HOPE<\/figcaption><\/figure>\n\n\n\n<p><strong>3. Partenariat avec le projet ADEME <a href=\"https:\/\/www.auvergnerhonealpes-ee.fr\/projets\/projet\/resiliterre\" target=\"_blank\" rel=\"noreferrer noopener\">R\u00e9siliterre<\/a><\/strong><\/p>\n\n\n\n<p>Quelles politiques publiques locales sont mises en \u0153uvre face aux situations de pr\u00e9carit\u00e9 \u00e9nerg\u00e9tique li\u00e9es au logement et\/ou \u00e0 la mobilit\u00e9 quotidienne, dans un cadre transversal et impliquant diff\u00e9rentes \u00e9chelles de l\u2019action publique ? Jeux d\u2019acteurs, sp\u00e9cificit\u00e9s locales et \u00e9ventuelles recommandations<\/p>\n\n\n\n<p><em><a href=\"https:\/\/fondation-grenoble-inp.fr\/wp-content\/uploads\/2023\/04\/Projet-RESILITERRE-LAET.pdf\" target=\"_blank\" rel=\"noreferrer noopener\">Etude men\u00e9e par Jean-Pierre Nicolas, Marie-Clotilde Meillerand et Robin Andr\u00e9 \u2013 LAET<\/a><\/em><\/p>\n\n\n\n<p>La m\u00e9thodologie est d\u00e9ploy\u00e9e sur deux axes :<\/p>\n\n\n\n<ul><li>Enqu\u00eates qualitatives : entretiens semi directifs aupr\u00e8s des acteurs de terrains pour comprendre la prise en compte du sujet et les moyens d\u2019action mis en \u0153uvre<\/li><li>Investigations quantitatives sur les bases de donn\u00e9es territoriales pour qualifier les formes de pr\u00e9carit\u00e9 \u00e9nerg\u00e9tique sur un territoire<\/li><\/ul>\n\n\n\n<figure class=\"wp-block-image size-large\"><img loading=\"lazy\" width=\"1024\" height=\"728\" src=\"https:\/\/fondation-grenoble-inp.fr\/wp-content\/uploads\/2021\/10\/LAET-1024x728.png\" alt=\"\" class=\"wp-image-12943\" srcset=\"https:\/\/fondation-grenoble-inp.fr\/wp-content\/uploads\/2021\/10\/LAET-1024x728.png 1024w, https:\/\/fondation-grenoble-inp.fr\/wp-content\/uploads\/2021\/10\/LAET-300x213.png 300w, https:\/\/fondation-grenoble-inp.fr\/wp-content\/uploads\/2021\/10\/LAET-768x546.png 768w, https:\/\/fondation-grenoble-inp.fr\/wp-content\/uploads\/2021\/10\/LAET.png 1449w\" sizes=\"(max-width: 1024px) 100vw, 1024px\" \/><figcaption>Illustration des travaux men\u00e9s par le LAET &#8211; Resiliterre dans le cadre de la chaire HOPE<\/figcaption><\/figure>\n\n\n\n<p><strong>Publications&nbsp;associ\u00e9es au projet<\/strong> : <\/p>\n\n\n\n<ul type=\"1\"><li>Etude Ute Dubois \u2013 ISG<\/li><li><a href=\"https:\/\/fondation-grenoble-inp.fr\/wp-content\/uploads\/2020\/12\/Barometre-Precarite-energetique_Odenore_HOPE-2021.pdf\" target=\"_blank\" rel=\"noreferrer noopener\">Etude Odenore<\/a><\/li><li>Etude LAET<\/li><li><a href=\"https:\/\/fondation-grenoble-inp.fr\/wp-content\/uploads\/2020\/12\/Restitution-Roannais-4-mai-2021.pdf\" target=\"_blank\" rel=\"noreferrer noopener\">Restitution Roanne 4 mai 2021<\/a><\/li><li>Pr\u00e9sentation des travaux \u00e0 Roanne dans le cadre de la JCPE le 15 novembre 2021 (<a href=\"https:\/\/fondation-grenoble-inp.fr\/wp-content\/uploads\/2020\/12\/Presentations-3-travaux-PE-sur-le-Roannais-15-nov-2021.pdf\" target=\"_blank\" rel=\"noreferrer noopener\">Pr\u00e9sentation<\/a>)<\/li><\/ul>\n\n\n\n<p><strong>Planification :<\/strong><\/p>\n\n\n\n<p>Le projet se d\u00e9roule en plusieurs phases de novembre 2019 \u00e0 novembre 2021<\/p>\n\n\n\n<p>Photo credit : <strong>\u00a9<\/strong>Roannais Agglom\u00e9ration<\/p>","protected":false},"excerpt":{"rendered":"<p>Porteur du projet : R\u00e9gis Largillier Axe de recherche du projet&nbsp;: Projets de recherche pour \u00e9clairer les d\u00e9cideurs et mobiliser de nouveaux acteurs sur la lutte contre la pr\u00e9carit\u00e9 \u00e9nerg\u00e9tique Organismes associ\u00e9s au projet : ISG &#8211; Odenore &#8211; LAET Le projet : Roannais Agglom\u00e9ration, un territoire partenaire de la Chaire HOPE, a voulu r\u00e9unir [&hellip;]<\/p>","protected":false},"featured_media":12579,"template":"","acf":[],"yoast_head":"<!-- This site is optimized with the Yoast SEO plugin v18.0 - https:\/\/yoast.com\/wordpress\/plugins\/seo\/ -->\n<title>Analyser un territoire : Roannais agglom\u00e9ration - Fondation Grenoble INP<\/title>\n<meta name=\"description\" content=\"Le projet &quot;Analyser un territoire : Roannais agglom\u00e9ration&quot; est port\u00e9 par la Chaire HOPE avec 3 partenaires : ISG, ODENORE &amp; LAET\" \/>\n<meta name=\"robots\" content=\"index, follow, max-snippet:-1, max-image-preview:large, max-video-preview:-1\" \/>\n<link rel=\"canonical\" href=\"http:\/\/fondation-grenoble-inp.fr\/en\/projet\/analyser-un-territoire-roannais-agglomeration\/\" \/>\n<meta property=\"og:locale\" content=\"en_US\" \/>\n<meta property=\"og:type\" content=\"article\" \/>\n<meta property=\"og:title\" content=\"Analyser un territoire : Roannais agglom\u00e9ration - Fondation Grenoble INP\" \/>\n<meta property=\"og:description\" content=\"Le projet &quot;Analyser un territoire : Roannais agglom\u00e9ration&quot; est port\u00e9 par la Chaire HOPE avec 3 partenaires : ISG, ODENORE &amp; LAET\" \/>\n<meta property=\"og:url\" content=\"http:\/\/fondation-grenoble-inp.fr\/en\/projet\/analyser-un-territoire-roannais-agglomeration\/\" \/>\n<meta property=\"og:site_name\" content=\"Fondation Grenoble INP\" \/>\n<meta property=\"article:modified_time\" content=\"2023-04-26T08:03:59+00:00\" \/>\n<meta property=\"og:image\" content=\"https:\/\/fondation-grenoble-inp.fr\/wp-content\/uploads\/2021\/05\/Roannais-agglomeration_territoire.jpg\" \/>\n\t<meta property=\"og:image:width\" content=\"1200\" \/>\n\t<meta property=\"og:image:height\" content=\"799\" \/>\n\t<meta property=\"og:image:type\" content=\"image\/jpeg\" \/>\n<meta name=\"twitter:card\" content=\"summary_large_image\" \/>\n<meta name=\"twitter:label1\" content=\"Est. reading time\" \/>\n\t<meta name=\"twitter:data1\" content=\"4 minutes\" \/>\n<script type=\"application\/ld+json\" class=\"yoast-schema-graph\">{\"@context\":\"https:\/\/schema.org\",\"@graph\":[{\"@type\":\"Organization\",\"@id\":\"https:\/\/fondation-grenoble-inp.fr\/#organization\",\"name\":\"Fondation INP Grenoble\",\"url\":\"https:\/\/fondation-grenoble-inp.fr\/\",\"sameAs\":[],\"logo\":{\"@type\":\"ImageObject\",\"@id\":\"https:\/\/fondation-grenoble-inp.fr\/#logo\",\"inLanguage\":\"en-US\",\"url\":\"https:\/\/fondation-grenoble-inp.fr\/wp-content\/uploads\/2021\/03\/cropped-favicon-fondation-inp-grenoble.png\",\"contentUrl\":\"https:\/\/fondation-grenoble-inp.fr\/wp-content\/uploads\/2021\/03\/cropped-favicon-fondation-inp-grenoble.png\",\"width\":512,\"height\":512,\"caption\":\"Fondation INP Grenoble\"},\"image\":{\"@id\":\"https:\/\/fondation-grenoble-inp.fr\/#logo\"}},{\"@type\":\"WebSite\",\"@id\":\"https:\/\/fondation-grenoble-inp.fr\/#website\",\"url\":\"https:\/\/fondation-grenoble-inp.fr\/\",\"name\":\"Fondation Grenoble INP\",\"description\":\"#OsezlAvenir\",\"publisher\":{\"@id\":\"https:\/\/fondation-grenoble-inp.fr\/#organization\"},\"potentialAction\":[{\"@type\":\"SearchAction\",\"target\":{\"@type\":\"EntryPoint\",\"urlTemplate\":\"https:\/\/fondation-grenoble-inp.fr\/?s={search_term_string}\"},\"query-input\":\"required name=search_term_string\"}],\"inLanguage\":\"en-US\"},{\"@type\":\"ImageObject\",\"@id\":\"https:\/\/fondation-grenoble-inp.fr\/projet\/analyser-un-territoire-roannais-agglomeration\/#primaryimage\",\"inLanguage\":\"en-US\",\"url\":\"https:\/\/fondation-grenoble-inp.fr\/wp-content\/uploads\/2021\/05\/Roannais-agglomeration_territoire.jpg\",\"contentUrl\":\"https:\/\/fondation-grenoble-inp.fr\/wp-content\/uploads\/2021\/05\/Roannais-agglomeration_territoire.jpg\",\"width\":\"1200\",\"height\":\"799\"},{\"@type\":\"WebPage\",\"@id\":\"https:\/\/fondation-grenoble-inp.fr\/projet\/analyser-un-territoire-roannais-agglomeration\/#webpage\",\"url\":\"https:\/\/fondation-grenoble-inp.fr\/projet\/analyser-un-territoire-roannais-agglomeration\/\",\"name\":\"Analyser un territoire : Roannais agglom\u00e9ration - Fondation Grenoble INP\",\"isPartOf\":{\"@id\":\"https:\/\/fondation-grenoble-inp.fr\/#website\"},\"primaryImageOfPage\":{\"@id\":\"https:\/\/fondation-grenoble-inp.fr\/projet\/analyser-un-territoire-roannais-agglomeration\/#primaryimage\"},\"datePublished\":\"2021-05-18T08:30:03+00:00\",\"dateModified\":\"2023-04-26T08:03:59+00:00\",\"description\":\"Le projet \\\"Analyser un territoire : Roannais agglom\u00e9ration\\\" est port\u00e9 par la Chaire HOPE avec 3 partenaires : ISG, ODENORE & LAET\",\"breadcrumb\":{\"@id\":\"https:\/\/fondation-grenoble-inp.fr\/projet\/analyser-un-territoire-roannais-agglomeration\/#breadcrumb\"},\"inLanguage\":\"en-US\",\"potentialAction\":[{\"@type\":\"ReadAction\",\"target\":[\"https:\/\/fondation-grenoble-inp.fr\/projet\/analyser-un-territoire-roannais-agglomeration\/\"]}]},{\"@type\":\"BreadcrumbList\",\"@id\":\"https:\/\/fondation-grenoble-inp.fr\/projet\/analyser-un-territoire-roannais-agglomeration\/#breadcrumb\",\"itemListElement\":[{\"@type\":\"ListItem\",\"position\":1,\"name\":\"Accueil\",\"item\":\"https:\/\/fondation-grenoble-inp.fr\/\"},{\"@type\":\"ListItem\",\"position\":2,\"name\":\"Analyser un territoire : Roannais agglom\u00e9ration\"}]}]}<\/script>\n<!-- \/ Yoast SEO plugin. -->","yoast_head_json":{"title":"Analyser un territoire : Roannais agglom\u00e9ration - Fondation Grenoble INP","description":"Le projet \"Analyser un territoire : Roannais agglom\u00e9ration\" est port\u00e9 par la Chaire HOPE avec 3 partenaires : ISG, ODENORE & LAET","robots":{"index":"index","follow":"follow","max-snippet":"max-snippet:-1","max-image-preview":"max-image-preview:large","max-video-preview":"max-video-preview:-1"},"canonical":"http:\/\/fondation-grenoble-inp.fr\/en\/projet\/analyser-un-territoire-roannais-agglomeration\/","og_locale":"en_US","og_type":"article","og_title":"Analyser un territoire : Roannais agglom\u00e9ration - Fondation Grenoble INP","og_description":"Le projet \"Analyser un territoire : Roannais agglom\u00e9ration\" est port\u00e9 par la Chaire HOPE avec 3 partenaires : ISG, ODENORE & LAET","og_url":"http:\/\/fondation-grenoble-inp.fr\/en\/projet\/analyser-un-territoire-roannais-agglomeration\/","og_site_name":"Fondation Grenoble INP","article_modified_time":"2023-04-26T08:03:59+00:00","og_image":[{"width":"1200","height":"799","url":"https:\/\/fondation-grenoble-inp.fr\/wp-content\/uploads\/2021\/05\/Roannais-agglomeration_territoire.jpg","type":"image\/jpeg"}],"twitter_card":"summary_large_image","twitter_misc":{"Est. reading time":"4 minutes"},"schema":{"@context":"https:\/\/schema.org","@graph":[{"@type":"Organization","@id":"https:\/\/fondation-grenoble-inp.fr\/#organization","name":"Fondation INP Grenoble","url":"https:\/\/fondation-grenoble-inp.fr\/","sameAs":[],"logo":{"@type":"ImageObject","@id":"https:\/\/fondation-grenoble-inp.fr\/#logo","inLanguage":"en-US","url":"https:\/\/fondation-grenoble-inp.fr\/wp-content\/uploads\/2021\/03\/cropped-favicon-fondation-inp-grenoble.png","contentUrl":"https:\/\/fondation-grenoble-inp.fr\/wp-content\/uploads\/2021\/03\/cropped-favicon-fondation-inp-grenoble.png","width":512,"height":512,"caption":"Fondation INP Grenoble"},"image":{"@id":"https:\/\/fondation-grenoble-inp.fr\/#logo"}},{"@type":"WebSite","@id":"https:\/\/fondation-grenoble-inp.fr\/#website","url":"https:\/\/fondation-grenoble-inp.fr\/","name":"Fondation Grenoble INP","description":"#OsezlAvenir","publisher":{"@id":"https:\/\/fondation-grenoble-inp.fr\/#organization"},"potentialAction":[{"@type":"SearchAction","target":{"@type":"EntryPoint","urlTemplate":"https:\/\/fondation-grenoble-inp.fr\/?s={search_term_string}"},"query-input":"required name=search_term_string"}],"inLanguage":"en-US"},{"@type":"ImageObject","@id":"https:\/\/fondation-grenoble-inp.fr\/projet\/analyser-un-territoire-roannais-agglomeration\/#primaryimage","inLanguage":"en-US","url":"https:\/\/fondation-grenoble-inp.fr\/wp-content\/uploads\/2021\/05\/Roannais-agglomeration_territoire.jpg","contentUrl":"https:\/\/fondation-grenoble-inp.fr\/wp-content\/uploads\/2021\/05\/Roannais-agglomeration_territoire.jpg","width":"1200","height":"799"},{"@type":"WebPage","@id":"https:\/\/fondation-grenoble-inp.fr\/projet\/analyser-un-territoire-roannais-agglomeration\/#webpage","url":"https:\/\/fondation-grenoble-inp.fr\/projet\/analyser-un-territoire-roannais-agglomeration\/","name":"Analyser un territoire : Roannais agglom\u00e9ration - Fondation Grenoble INP","isPartOf":{"@id":"https:\/\/fondation-grenoble-inp.fr\/#website"},"primaryImageOfPage":{"@id":"https:\/\/fondation-grenoble-inp.fr\/projet\/analyser-un-territoire-roannais-agglomeration\/#primaryimage"},"datePublished":"2021-05-18T08:30:03+00:00","dateModified":"2023-04-26T08:03:59+00:00","description":"Le projet \"Analyser un territoire : Roannais agglom\u00e9ration\" est port\u00e9 par la Chaire HOPE avec 3 partenaires : ISG, ODENORE & LAET","breadcrumb":{"@id":"https:\/\/fondation-grenoble-inp.fr\/projet\/analyser-un-territoire-roannais-agglomeration\/#breadcrumb"},"inLanguage":"en-US","potentialAction":[{"@type":"ReadAction","target":["https:\/\/fondation-grenoble-inp.fr\/projet\/analyser-un-territoire-roannais-agglomeration\/"]}]},{"@type":"BreadcrumbList","@id":"https:\/\/fondation-grenoble-inp.fr\/projet\/analyser-un-territoire-roannais-agglomeration\/#breadcrumb","itemListElement":[{"@type":"ListItem","position":1,"name":"Accueil","item":"https:\/\/fondation-grenoble-inp.fr\/"},{"@type":"ListItem","position":2,"name":"Analyser un territoire : Roannais agglom\u00e9ration"}]}]}},"_links":{"self":[{"href":"http:\/\/fondation-grenoble-inp.fr\/en\/wp-json\/wp\/v2\/projet\/12577"}],"collection":[{"href":"http:\/\/fondation-grenoble-inp.fr\/en\/wp-json\/wp\/v2\/projet"}],"about":[{"href":"http:\/\/fondation-grenoble-inp.fr\/en\/wp-json\/wp\/v2\/types\/projet"}],"wp:featuredmedia":[{"embeddable":true,"href":"http:\/\/fondation-grenoble-inp.fr\/en\/wp-json\/wp\/v2\/media\/12579"}],"wp:attachment":[{"href":"http:\/\/fondation-grenoble-inp.fr\/en\/wp-json\/wp\/v2\/media?parent=12577"}],"curies":[{"name":"wp","href":"https:\/\/api.w.org\/{rel}","templated":true}]}}