{"id":13328,"date":"2022-02-25T17:22:24","date_gmt":"2022-02-25T16:22:24","guid":{"rendered":"https:\/\/fondation-grenoble-inp.fr\/?post_type=projet&#038;p=13328"},"modified":"2022-03-16T18:04:13","modified_gmt":"2022-03-16T17:04:13","slug":"post-doc-prevision-de-profils-dynamiques-par-ia","status":"publish","type":"projet","link":"http:\/\/fondation-grenoble-inp.fr\/en\/projet\/post-doc-prevision-de-profils-dynamiques-par-ia\/","title":{"rendered":"Post-doc : Dynamic profile prediction by AI"},"content":{"rendered":"<p><strong>Axe de recherche du projet<\/strong>&nbsp;: Solutions innovantes \u00e0 base de nouvelles technologies informatiques et t\u00e9l\u00e9com, traitement de donn\u00e9es et intelligence artificielle<\/p>\n\n\n\n<p><strong>Project leaders<\/strong> :<\/p>\n\n\n\n<p>Doctorant&nbsp;: Andre Amr Alzouhri Alyafi<\/p>\n\n\n\n<p>Encadrement G2Elab&nbsp;: <a href=\"https:\/\/www.linkedin.com\/in\/benoit-delinchant-b1b2501\/\" target=\"_blank\" rel=\"noreferrer noopener\">Benoit Delinchant<\/a> and <a href=\"https:\/\/www.linkedin.com\/in\/nouredine-hadjsaid-b2ab2813\/\" target=\"_blank\" rel=\"noreferrer noopener\">Nouredine Hadjsaid<\/a> <\/p>\n\n\n\n<p>Encadrement Enedis&nbsp;: Alain Berges et <a href=\"https:\/\/www.linkedin.com\/in\/olivier-chaouy-b414961aa\/\" target=\"_blank\" rel=\"noreferrer noopener\">Olivier Chaouy<\/a><\/p>\n\n\n\n<p><strong>Organisations associated with the project :<\/strong> <a href=\"https:\/\/g2elab.grenoble-inp.fr\" target=\"_blank\" rel=\"noreferrer noopener\">G2Elab<\/a>, <a href=\"https:\/\/www.enedis.fr\" target=\"_blank\" rel=\"noreferrer noopener\">Enedis<\/a><\/p>\n\n\n\n<p><strong><strong>The project<\/strong><\/strong> :<\/p>\n\n\n\n<p>Depuis le 1<sup>er<\/sup> juillet 2018, les principaux profils-types<a href=\"#_ftn1\" target=\"_blank\" rel=\"noreferrer noopener\">[1]<\/a> \u00e9tablis par Enedis, utilis\u00e9s au service de l\u2019\u00e9quilibrage du syst\u00e8me \u00e9lectrique fran\u00e7ais, pour d\u00e9terminer les flux demi-horaires d\u2019\u00e9lectricit\u00e9 par Responsable d\u2019Equilibre (RE)<a id=\"_ftnref2\" href=\"#_ftn2\">[2]<\/a>, sont pass\u00e9s en mode \u00ab&nbsp;dynamique&nbsp;\u00bb. Concr\u00e8tement, la valeur calcul\u00e9e d\u2019un profil dynamique est adapt\u00e9e \u00e0 chaque demi-heure en fonction des consommations mesur\u00e9es d\u2019un panel de clients Linky repr\u00e9sentatifs.<\/p>\n\n\n\n<p>Le profilage dynamique s\u2019applique pour le moment \u00e0 34.5 millions de clients repr\u00e9sentant plus de 50% de l\u2019\u00e9nergie transitant sur le r\u00e9seau de distribution. Il s\u2019agit d\u2019une \u00e9volution en rupture avec la mod\u00e9lisation utilis\u00e9e jusque-l\u00e0 (mod\u00e9lisation, moins r\u00e9active, dite&nbsp; \u00ab&nbsp;statique&nbsp;\u00bb, consistant \u00e0 utiliser des coefficients moyenn\u00e9s pr\u00e9d\u00e9finis, extrapol\u00e9s en tenant compte du type de jour et de la m\u00e9t\u00e9o r\u00e9alis\u00e9e). Le profilage dynamique r\u00e9duit ainsi d\u2019un facteur 2 les incertitudes d\u2019allocation d\u2019\u00e9nergie demi-horaire entre RE, ce qui repr\u00e9sente sur certaines demi-heures plusieurs GW (l\u2019\u00e9quivalent en puissance de quelques r\u00e9acteurs nucl\u00e9aires). L\u2019application du profilage dynamique a \u00e9t\u00e9 \u00e9tendue \u00e0 l\u2019ensemble des sites profil\u00e9s BT \u2264&nbsp; 36 kVA (et \u00e0 l\u2019ensemble des processus de reconstitution des flux) \u00e0 compter de mi-2020.<\/p>\n\n\n\n<p>Les RE ont besoin de disposer d\u2019informations (coefficients de profils, notamment) leur permettant d\u2019anticiper les flux qui leur sont affect\u00e9s par le processus de reconstitution des flux, de fa\u00e7on \u00e0 pouvoir engager les actions (achat \/ vente d\u2019\u00e9nergie) leur permettant d\u2019\u00e9quilibrer leur p\u00e9rim\u00e8tre. L\u2019activit\u00e9 de pr\u00e9vision est, dans ce contexte, cruciale pour les RE. Elle l\u2019est aussi pour Enedis pour r\u00e9pondre aux besoins suivants&nbsp;:<\/p>\n\n\n\n<ul><li>Contr\u00f4le de vraisemblance du profil \u00ab&nbsp;r\u00e9alis\u00e9&nbsp;\u00bb par comparaison \u00e0 une pr\u00e9vision&nbsp;;<\/li><li>Utilisation d\u2019une pr\u00e9vision en mode \u00ab&nbsp;secours&nbsp;\u00bb en cas d\u2019indisponibilit\u00e9 durable des donn\u00e9es sources permettant le calcul du profil \u00ab&nbsp;r\u00e9alis\u00e9&nbsp;\u00bb&nbsp;;<\/li><li>Information anticip\u00e9e des RE<\/li><\/ul>\n\n\n\n<p><strong>Objectif du projet&nbsp;:<\/strong><\/p>\n\n\n\n<p>L\u2019objectif des travaux est de d\u00e9velopper des m\u00e9thodes de pr\u00e9vision de profils dynamiques (\u00e0 un horizon \u00e0 d\u00e9finir, a priori court-terme, pas au-del\u00e0 d\u2019une semaine) \u00e0 partir de tout type de donn\u00e9es (structur\u00e9e \/ non structur\u00e9es) pour prendre en compte un maximum d\u2019informations impactant la consommation ou la production.<\/p>\n\n\n\n<p><strong>Expected results :<\/strong><\/p>\n\n\n\n<p>Nous \u00e9tablions une pr\u00e9vision g\u00e9n\u00e9rale du profil \u00e0 partir de mod\u00e8les classiques (GAM notamment) compl\u00e9t\u00e9e pour une am\u00e9lioration de la pr\u00e9vision des \u00e9v\u00e9nements atypiques par de l\u2019IA (Reinforcement Learning notamment). Le mod\u00e8le s\u2019appuiera sur les donn\u00e9es externes usuelles des pr\u00e9visions de consommations (temp\u00e9ratures, n\u00e9bulosit\u00e9, donn\u00e9es calendaires, etc.), et sur des informations externes textuelles (r\u00e9seaux sociaux, open data\u2026) ou non (donn\u00e9es \u00e9conomiques par exemple), afin de prendre en compte l\u2019impact des \u00e9v\u00e9nements sociaux et\/ou politique et\/ou \u00e9conomique et\/ou climatiques exceptionnels sur la consommation des clients du r\u00e9seau de distribution.<\/p>\n\n\n\n<p><strong>Publications associ\u00e9es&nbsp;:<\/strong><\/p>\n\n\n\n<p>Non concern\u00e9 pour le moment<\/p>\n\n\n\n<p><strong>Planning&nbsp;:<\/strong><\/p>\n\n\n\n<p>Septembre 2020 \u00e0 mars 2022<\/p>\n\n\n\n<hr class=\"wp-block-separator\"\/>\n\n\n\n<p><a href=\"#_ftnref1\" id=\"_ftn1\">[1]<\/a> Le profil d\u2019une cat\u00e9gorie de clients est une courbe-type refl\u00e9tant la fa\u00e7on dont un client moyen de cette cat\u00e9gorie consomme ou produit l\u2019\u00e9lectricit\u00e9 au cours du temps. Le profilage est n\u00e9cessaire lorsque l\u2019\u00e9nergie demi-horaire consomm\u00e9e ou produite des clients d\u2019un RE n\u2019est pas collect\u00e9e ou disponible. Le dispositif de profilage est administr\u00e9 par Enedis, en concertation avec les diff\u00e9rentes parties prenantes.&nbsp;&nbsp;&nbsp;&nbsp;&nbsp;&nbsp;&nbsp;&nbsp;&nbsp;&nbsp;&nbsp;&nbsp;&nbsp;&nbsp;&nbsp;&nbsp;&nbsp;&nbsp;&nbsp;&nbsp;&nbsp;&nbsp;&nbsp;&nbsp;&nbsp;&nbsp;&nbsp;&nbsp;&nbsp;&nbsp;&nbsp;&nbsp;&nbsp;&nbsp;&nbsp;&nbsp;&nbsp;&nbsp;&nbsp;&nbsp;&nbsp;&nbsp;&nbsp;&nbsp;&nbsp;&nbsp;&nbsp;&nbsp;&nbsp;&nbsp;&nbsp;&nbsp;&nbsp;&nbsp;&nbsp;&nbsp;&nbsp;&nbsp;&nbsp;&nbsp;&nbsp;&nbsp;&nbsp;&nbsp;&nbsp;&nbsp;&nbsp;&nbsp;&nbsp;&nbsp;&nbsp;&nbsp;&nbsp;&nbsp;&nbsp;&nbsp;&nbsp;&nbsp;&nbsp;&nbsp;&nbsp;&nbsp;&nbsp;&nbsp;&nbsp;&nbsp;&nbsp;&nbsp;&nbsp;&nbsp;&nbsp;&nbsp;&nbsp;&nbsp;&nbsp;&nbsp;&nbsp;&nbsp;&nbsp;&nbsp;&nbsp;&nbsp;&nbsp;&nbsp;&nbsp;&nbsp;&nbsp;&nbsp;&nbsp;&nbsp;&nbsp;&nbsp;&nbsp;&nbsp;&nbsp;&nbsp;&nbsp;&nbsp;&nbsp;&nbsp;&nbsp;&nbsp;&nbsp;&nbsp;&nbsp;&nbsp;&nbsp;&nbsp;&nbsp;&nbsp;&nbsp;&nbsp;&nbsp;&nbsp;&nbsp;&nbsp;&nbsp;<\/p>\n\n\n\n<p><a href=\"#_ftnref2\" id=\"_ftn2\">[2]<\/a> Un responsable d\u2019Equilibre est un acteur de march\u00e9 s\u2019engageant contractuellement aupr\u00e8s de RTE \u00e0 compenser financi\u00e8rement les \u00e9carts au pas demi-horaire entre l\u2019\u00e9lectricit\u00e9 inject\u00e9e et soutir\u00e9e \u00e0 la maille de son p\u00e9rim\u00e8tre. Le dispositif de Responsable d\u2019Equilibre permet \u00e0 RTE de r\u00e9percuter les co\u00fbts qu\u2019il supporte pour l\u2019ajustement entre production et consommation, indispensable \u00e0 la tenue du r\u00e9seau.<\/p>","protected":false},"excerpt":{"rendered":"<p>Axe de recherche du projet&nbsp;: Solutions innovantes \u00e0 base de nouvelles technologies informatiques et t\u00e9l\u00e9com, traitement de donn\u00e9es et intelligence artificielle Porteurs du projet : Doctorant&nbsp;: Andre Amr Alzouhri Alyafi Encadrement G2Elab&nbsp;: Benoit Delinchant et Nouredine Hadjsaid Encadrement Enedis&nbsp;: Alain Berges et Olivier Chaouy Organismes associ\u00e9s au projet : G2Elab, Enedis Le projet : Depuis [&hellip;]<\/p>","protected":false},"featured_media":13466,"template":"","acf":[],"yoast_head":"<!-- This site is optimized with the Yoast SEO plugin v18.0 - https:\/\/yoast.com\/wordpress\/plugins\/seo\/ -->\n<title>Post-doc\u00a0: Pr\u00e9vision de profils dynamiques par IA - Fondation Grenoble INP<\/title>\n<meta name=\"description\" content=\"Depuis le 1er juillet 2018, les principaux profils-types \u00e9tablis par Enedis, utilis\u00e9s au service de l\u2019\u00e9quilibrage du syst\u00e8me \u00e9lectrique fran\u00e7ais, pour d\u00e9terminer les flux demi-horaires d\u2019\u00e9lectricit\u00e9 par Responsable d\u2019Equilibre (RE), sont pass\u00e9s en mode \u00ab\u00a0dynamique\u00a0\u00bb.\" \/>\n<meta name=\"robots\" content=\"index, follow, max-snippet:-1, max-image-preview:large, max-video-preview:-1\" \/>\n<link rel=\"canonical\" href=\"http:\/\/fondation-grenoble-inp.fr\/en\/projet\/post-doc-prevision-de-profils-dynamiques-par-ia\/\" \/>\n<meta property=\"og:locale\" content=\"en_US\" \/>\n<meta property=\"og:type\" content=\"article\" \/>\n<meta property=\"og:title\" content=\"Post-doc\u00a0: Pr\u00e9vision de profils dynamiques par IA - Fondation Grenoble INP\" \/>\n<meta property=\"og:description\" content=\"Depuis le 1er juillet 2018, les principaux profils-types \u00e9tablis par Enedis, utilis\u00e9s au service de l\u2019\u00e9quilibrage du syst\u00e8me \u00e9lectrique fran\u00e7ais, pour d\u00e9terminer les flux demi-horaires d\u2019\u00e9lectricit\u00e9 par Responsable d\u2019Equilibre (RE), sont pass\u00e9s en mode \u00ab\u00a0dynamique\u00a0\u00bb.\" \/>\n<meta property=\"og:url\" content=\"http:\/\/fondation-grenoble-inp.fr\/en\/projet\/post-doc-prevision-de-profils-dynamiques-par-ia\/\" \/>\n<meta property=\"og:site_name\" content=\"Fondation Grenoble INP\" \/>\n<meta property=\"article:modified_time\" content=\"2022-03-16T17:04:13+00:00\" \/>\n<meta property=\"og:image\" content=\"https:\/\/fondation-grenoble-inp.fr\/wp-content\/uploads\/2022\/02\/SMARTGRIDS_Projet-Amr_image_.jpg\" \/>\n\t<meta property=\"og:image:width\" content=\"1500\" \/>\n\t<meta property=\"og:image:height\" content=\"503\" \/>\n\t<meta property=\"og:image:type\" content=\"image\/jpeg\" \/>\n<meta name=\"twitter:card\" content=\"summary_large_image\" \/>\n<meta name=\"twitter:label1\" content=\"Est. reading time\" \/>\n\t<meta name=\"twitter:data1\" content=\"4 minutes\" \/>\n<script type=\"application\/ld+json\" class=\"yoast-schema-graph\">{\"@context\":\"https:\/\/schema.org\",\"@graph\":[{\"@type\":\"Organization\",\"@id\":\"https:\/\/fondation-grenoble-inp.fr\/#organization\",\"name\":\"Fondation INP Grenoble\",\"url\":\"https:\/\/fondation-grenoble-inp.fr\/\",\"sameAs\":[],\"logo\":{\"@type\":\"ImageObject\",\"@id\":\"https:\/\/fondation-grenoble-inp.fr\/#logo\",\"inLanguage\":\"en-US\",\"url\":\"https:\/\/fondation-grenoble-inp.fr\/wp-content\/uploads\/2021\/03\/cropped-favicon-fondation-inp-grenoble.png\",\"contentUrl\":\"https:\/\/fondation-grenoble-inp.fr\/wp-content\/uploads\/2021\/03\/cropped-favicon-fondation-inp-grenoble.png\",\"width\":512,\"height\":512,\"caption\":\"Fondation INP Grenoble\"},\"image\":{\"@id\":\"https:\/\/fondation-grenoble-inp.fr\/#logo\"}},{\"@type\":\"WebSite\",\"@id\":\"https:\/\/fondation-grenoble-inp.fr\/#website\",\"url\":\"https:\/\/fondation-grenoble-inp.fr\/\",\"name\":\"Fondation Grenoble INP\",\"description\":\"#OsezlAvenir\",\"publisher\":{\"@id\":\"https:\/\/fondation-grenoble-inp.fr\/#organization\"},\"potentialAction\":[{\"@type\":\"SearchAction\",\"target\":{\"@type\":\"EntryPoint\",\"urlTemplate\":\"https:\/\/fondation-grenoble-inp.fr\/?s={search_term_string}\"},\"query-input\":\"required name=search_term_string\"}],\"inLanguage\":\"en-US\"},{\"@type\":\"ImageObject\",\"@id\":\"https:\/\/fondation-grenoble-inp.fr\/projet\/post-doc-prevision-de-profils-dynamiques-par-ia\/#primaryimage\",\"inLanguage\":\"en-US\",\"url\":\"https:\/\/fondation-grenoble-inp.fr\/wp-content\/uploads\/2022\/02\/SMARTGRIDS_Projet-Amr_image_.jpg\",\"contentUrl\":\"https:\/\/fondation-grenoble-inp.fr\/wp-content\/uploads\/2022\/02\/SMARTGRIDS_Projet-Amr_image_.jpg\",\"width\":\"1500\",\"height\":\"503\",\"caption\":\"SMARTGRIDS Projet Amr Image\"},{\"@type\":\"WebPage\",\"@id\":\"https:\/\/fondation-grenoble-inp.fr\/projet\/post-doc-prevision-de-profils-dynamiques-par-ia\/#webpage\",\"url\":\"https:\/\/fondation-grenoble-inp.fr\/projet\/post-doc-prevision-de-profils-dynamiques-par-ia\/\",\"name\":\"Post-doc\u00a0: Pr\u00e9vision de profils dynamiques par IA - Fondation Grenoble INP\",\"isPartOf\":{\"@id\":\"https:\/\/fondation-grenoble-inp.fr\/#website\"},\"primaryImageOfPage\":{\"@id\":\"https:\/\/fondation-grenoble-inp.fr\/projet\/post-doc-prevision-de-profils-dynamiques-par-ia\/#primaryimage\"},\"datePublished\":\"2022-02-25T16:22:24+00:00\",\"dateModified\":\"2022-03-16T17:04:13+00:00\",\"description\":\"Depuis le 1er juillet 2018, les principaux profils-types \u00e9tablis par Enedis, utilis\u00e9s au service de l\u2019\u00e9quilibrage du syst\u00e8me \u00e9lectrique fran\u00e7ais, pour d\u00e9terminer les flux demi-horaires d\u2019\u00e9lectricit\u00e9 par Responsable d\u2019Equilibre (RE), sont pass\u00e9s en mode \u00ab\u00a0dynamique\u00a0\u00bb.\",\"breadcrumb\":{\"@id\":\"https:\/\/fondation-grenoble-inp.fr\/projet\/post-doc-prevision-de-profils-dynamiques-par-ia\/#breadcrumb\"},\"inLanguage\":\"en-US\",\"potentialAction\":[{\"@type\":\"ReadAction\",\"target\":[\"https:\/\/fondation-grenoble-inp.fr\/projet\/post-doc-prevision-de-profils-dynamiques-par-ia\/\"]}]},{\"@type\":\"BreadcrumbList\",\"@id\":\"https:\/\/fondation-grenoble-inp.fr\/projet\/post-doc-prevision-de-profils-dynamiques-par-ia\/#breadcrumb\",\"itemListElement\":[{\"@type\":\"ListItem\",\"position\":1,\"name\":\"Accueil\",\"item\":\"https:\/\/fondation-grenoble-inp.fr\/\"},{\"@type\":\"ListItem\",\"position\":2,\"name\":\"Post-doc\u00a0: Pr\u00e9vision de profils dynamiques par IA\"}]}]}<\/script>\n<!-- \/ Yoast SEO plugin. -->","yoast_head_json":{"title":"Post-doc\u00a0: Pr\u00e9vision de profils dynamiques par IA - Fondation Grenoble INP","description":"Depuis le 1er juillet 2018, les principaux profils-types \u00e9tablis par Enedis, utilis\u00e9s au service de l\u2019\u00e9quilibrage du syst\u00e8me \u00e9lectrique fran\u00e7ais, pour d\u00e9terminer les flux demi-horaires d\u2019\u00e9lectricit\u00e9 par Responsable d\u2019Equilibre (RE), sont pass\u00e9s en mode \u00ab\u00a0dynamique\u00a0\u00bb.","robots":{"index":"index","follow":"follow","max-snippet":"max-snippet:-1","max-image-preview":"max-image-preview:large","max-video-preview":"max-video-preview:-1"},"canonical":"http:\/\/fondation-grenoble-inp.fr\/en\/projet\/post-doc-prevision-de-profils-dynamiques-par-ia\/","og_locale":"en_US","og_type":"article","og_title":"Post-doc\u00a0: Pr\u00e9vision de profils dynamiques par IA - Fondation Grenoble INP","og_description":"Depuis le 1er juillet 2018, les principaux profils-types \u00e9tablis par Enedis, utilis\u00e9s au service de l\u2019\u00e9quilibrage du syst\u00e8me \u00e9lectrique fran\u00e7ais, pour d\u00e9terminer les flux demi-horaires d\u2019\u00e9lectricit\u00e9 par Responsable d\u2019Equilibre (RE), sont pass\u00e9s en mode \u00ab\u00a0dynamique\u00a0\u00bb.","og_url":"http:\/\/fondation-grenoble-inp.fr\/en\/projet\/post-doc-prevision-de-profils-dynamiques-par-ia\/","og_site_name":"Fondation Grenoble INP","article_modified_time":"2022-03-16T17:04:13+00:00","og_image":[{"width":"1500","height":"503","url":"https:\/\/fondation-grenoble-inp.fr\/wp-content\/uploads\/2022\/02\/SMARTGRIDS_Projet-Amr_image_.jpg","type":"image\/jpeg"}],"twitter_card":"summary_large_image","twitter_misc":{"Est. reading time":"4 minutes"},"schema":{"@context":"https:\/\/schema.org","@graph":[{"@type":"Organization","@id":"https:\/\/fondation-grenoble-inp.fr\/#organization","name":"Fondation INP Grenoble","url":"https:\/\/fondation-grenoble-inp.fr\/","sameAs":[],"logo":{"@type":"ImageObject","@id":"https:\/\/fondation-grenoble-inp.fr\/#logo","inLanguage":"en-US","url":"https:\/\/fondation-grenoble-inp.fr\/wp-content\/uploads\/2021\/03\/cropped-favicon-fondation-inp-grenoble.png","contentUrl":"https:\/\/fondation-grenoble-inp.fr\/wp-content\/uploads\/2021\/03\/cropped-favicon-fondation-inp-grenoble.png","width":512,"height":512,"caption":"Fondation INP Grenoble"},"image":{"@id":"https:\/\/fondation-grenoble-inp.fr\/#logo"}},{"@type":"WebSite","@id":"https:\/\/fondation-grenoble-inp.fr\/#website","url":"https:\/\/fondation-grenoble-inp.fr\/","name":"Fondation Grenoble INP","description":"#OsezlAvenir","publisher":{"@id":"https:\/\/fondation-grenoble-inp.fr\/#organization"},"potentialAction":[{"@type":"SearchAction","target":{"@type":"EntryPoint","urlTemplate":"https:\/\/fondation-grenoble-inp.fr\/?s={search_term_string}"},"query-input":"required name=search_term_string"}],"inLanguage":"en-US"},{"@type":"ImageObject","@id":"https:\/\/fondation-grenoble-inp.fr\/projet\/post-doc-prevision-de-profils-dynamiques-par-ia\/#primaryimage","inLanguage":"en-US","url":"https:\/\/fondation-grenoble-inp.fr\/wp-content\/uploads\/2022\/02\/SMARTGRIDS_Projet-Amr_image_.jpg","contentUrl":"https:\/\/fondation-grenoble-inp.fr\/wp-content\/uploads\/2022\/02\/SMARTGRIDS_Projet-Amr_image_.jpg","width":"1500","height":"503","caption":"SMARTGRIDS Projet Amr Image"},{"@type":"WebPage","@id":"https:\/\/fondation-grenoble-inp.fr\/projet\/post-doc-prevision-de-profils-dynamiques-par-ia\/#webpage","url":"https:\/\/fondation-grenoble-inp.fr\/projet\/post-doc-prevision-de-profils-dynamiques-par-ia\/","name":"Post-doc\u00a0: Pr\u00e9vision de profils dynamiques par IA - Fondation Grenoble INP","isPartOf":{"@id":"https:\/\/fondation-grenoble-inp.fr\/#website"},"primaryImageOfPage":{"@id":"https:\/\/fondation-grenoble-inp.fr\/projet\/post-doc-prevision-de-profils-dynamiques-par-ia\/#primaryimage"},"datePublished":"2022-02-25T16:22:24+00:00","dateModified":"2022-03-16T17:04:13+00:00","description":"Depuis le 1er juillet 2018, les principaux profils-types \u00e9tablis par Enedis, utilis\u00e9s au service de l\u2019\u00e9quilibrage du syst\u00e8me \u00e9lectrique fran\u00e7ais, pour d\u00e9terminer les flux demi-horaires d\u2019\u00e9lectricit\u00e9 par Responsable d\u2019Equilibre (RE), sont pass\u00e9s en mode \u00ab\u00a0dynamique\u00a0\u00bb.","breadcrumb":{"@id":"https:\/\/fondation-grenoble-inp.fr\/projet\/post-doc-prevision-de-profils-dynamiques-par-ia\/#breadcrumb"},"inLanguage":"en-US","potentialAction":[{"@type":"ReadAction","target":["https:\/\/fondation-grenoble-inp.fr\/projet\/post-doc-prevision-de-profils-dynamiques-par-ia\/"]}]},{"@type":"BreadcrumbList","@id":"https:\/\/fondation-grenoble-inp.fr\/projet\/post-doc-prevision-de-profils-dynamiques-par-ia\/#breadcrumb","itemListElement":[{"@type":"ListItem","position":1,"name":"Accueil","item":"https:\/\/fondation-grenoble-inp.fr\/"},{"@type":"ListItem","position":2,"name":"Post-doc\u00a0: Pr\u00e9vision de profils dynamiques par IA"}]}]}},"_links":{"self":[{"href":"http:\/\/fondation-grenoble-inp.fr\/en\/wp-json\/wp\/v2\/projet\/13328"}],"collection":[{"href":"http:\/\/fondation-grenoble-inp.fr\/en\/wp-json\/wp\/v2\/projet"}],"about":[{"href":"http:\/\/fondation-grenoble-inp.fr\/en\/wp-json\/wp\/v2\/types\/projet"}],"wp:featuredmedia":[{"embeddable":true,"href":"http:\/\/fondation-grenoble-inp.fr\/en\/wp-json\/wp\/v2\/media\/13466"}],"wp:attachment":[{"href":"http:\/\/fondation-grenoble-inp.fr\/en\/wp-json\/wp\/v2\/media?parent=13328"}],"curies":[{"name":"wp","href":"https:\/\/api.w.org\/{rel}","templated":true}]}}