{"id":17278,"date":"2023-12-20T14:31:11","date_gmt":"2023-12-20T13:31:11","guid":{"rendered":"https:\/\/fondation-grenoble-inp.fr\/?post_type=projet&#038;p=17278"},"modified":"2023-12-20T14:41:28","modified_gmt":"2023-12-20T13:41:28","slug":"post-doc-impact-de-linformation-prealable-sur-les-evenements-locaux-sur-la-consommation-locale-delectricite","status":"publish","type":"projet","link":"http:\/\/fondation-grenoble-inp.fr\/en\/projet\/post-doc-impact-de-linformation-prealable-sur-les-evenements-locaux-sur-la-consommation-locale-delectricite\/","title":{"rendered":"Post-doc : impact de l&rsquo;information pr\u00e9alable sur les \u00e9v\u00e9nements locaux sur la consommation locale d&rsquo;\u00e9lectricit\u00e9"},"content":{"rendered":"<p><strong>Project leaders :<\/strong><br>&#8211; Chercheur : Muhammad Salman Shahid<br>&#8211; Encadrement G2Elab : Benoit Delinchant, Marie-C\u00e9cile Alvarez-Herault et Nouredine Hadjsaid<br>&#8211; Encadrement Enedis : Anne de Moliner, Pierre Cauchois et Christophe Boisseau<\/p>\n\n\n\n<p><strong>Organisations associated with the project :<\/strong> G2Elab, Enedis<\/p>\n\n\n\n<p><strong>Research focus :<\/strong><br>Innovative solutions based on new computer and telecom technologies, data processing and artificial intelligence<\/p>\n\n\n\n<p><strong>The project:<\/strong><br>De nombreux services propos\u00e9s par Enedis, que ce soit \u00e0 destination des collectivit\u00e9s, du grand public, ou pour la maintenance du r\u00e9seau, sont r\u00e9alis\u00e9s \u00e0 partir d\u2019estimations locales de consommations et productions \u00e9lectriques au pas de temps demi horaire, pour des mailles g\u00e9ographiques plus ou moins r\u00e9duites (r\u00e9gions, d\u00e9partements, communaut\u00e9s d\u2019agglom\u00e9rations par exemple&#8230;). Ce travail de recherche consiste \u00e0 am\u00e9liorer des mod\u00e8les existants d\u2019estimations des s\u00e9ries temporelles de consommation \u00e0 l\u2019\u00e9chelle locale gr\u00e2ce \u00e0 l\u2019int\u00e9gration de donn\u00e9es de r\u00e9seaux sociaux (Instagram, X, ou tout autre r\u00e9seau social pertinent). \u00a0\u00a0\u00a0\u00a0\u00a0\u00a0\u00a0\u00a0\u00a0\u00a0\u00a0 <br><br>Ce projet propos\u00e9 fait suite \u00e0 des r\u00e9sultats prometteurs obtenus sur la pr\u00e9vision de s\u00e9ries temporelles de consommations \u00e9lectriques \u00e0 la maille nationale, dans le contexte du processus de Reconstitution des Flux (processus permettant d\u2019\u00e9quilibrer l\u2019offre et la demande d\u2019\u00e9lectricit\u00e9 au pas de temps demi horaire). La strat\u00e9gie qui a \u00e9t\u00e9 mise en place permet d&rsquo;inclure des donn\u00e9es des m\u00e9dias sociaux, comme Twitter et les donn\u00e9es open source, pour am\u00e9liorer les mod\u00e8les existants. Ces r\u00e9sultats ont d\u00e9j\u00e0 \u00e9t\u00e9 publi\u00e9s : Alyafi, A., Cauchois, P., Delinchant, B., Berges, A. (2023). Social Data to Enhance Typical Consumer Energy Profile Estimation on a National Level. In: Pierfederici, S., Martin, JP. (eds) ELECTRIMACS 2022. Lecture Notes in Electrical Engineering, vol 993. Springer, Cham.<br><a href=\"https:\/\/doi.org\/10.1007\/978-3-031-24837-5_27\" target=\"_blank\" rel=\"noreferrer noopener\">https:\/\/doi.org\/10.1007\/978-3-031-24837-5_27<\/a><\/p>\n\n\n\n<p><strong>Questions soulev\u00e9es\/Challenges Scientifiques\u00a0:<\/strong><br>&#8211; Est-ce que l\u2019information des \u00e9v\u00e8nements locale planifi\u00e9e (e.g. une f\u00eate, une gr\u00e8ve), extraire par les r\u00e9seaux sociaux est pertinente dans la pr\u00e9vision de la consommation \u00e9lectrique locale ?<br>&#8211; Si oui, quel est l\u2019impact des \u00e9v\u00e9nements locaux sur l\u2019\u00e9volution de la consommation \u00e9lectrique locale ?<\/p>\n\n\n\n<p><strong>Expected results :<\/strong><br>\u00c9tude de l&rsquo;impact sur la consommation d&rsquo;\u00e9nergie locale \u00e0 partir des informations extraites suite au traitement NLP (natural language processing) des messages provenant des r\u00e9seaux sociaux et d&rsquo;autres sources, en plus des caract\u00e9ristiques existantes (temp\u00e9rature, etc.).<\/p>\n\n\n\n<p><strong>Publications associ\u00e9es :<\/strong><br>Non concern\u00e9 pour le moment<\/p>\n\n\n\n<p><strong>Planification :<\/strong><br>d\u00e9cembre 2023 &#8211; mai 2025<\/p>","protected":false},"excerpt":{"rendered":"<p>Porteurs du projet :&#8211; Chercheur : Muhammad Salman Shahid&#8211; Encadrement G2Elab : Benoit Delinchant, Marie-C\u00e9cile Alvarez-Herault et Nouredine Hadjsaid&#8211; Encadrement Enedis : Anne de Moliner, Pierre Cauchois et Christophe Boisseau Organismes associ\u00e9s au projet : G2Elab, Enedis Axe de recherche du projet :Solutions innovantes \u00e0 base de nouvelles technologies informatiques et t\u00e9l\u00e9com, traitement de donn\u00e9es [&hellip;]<\/p>","protected":false},"featured_media":17279,"template":"","acf":[],"yoast_head":"<!-- This site is optimized with the Yoast SEO plugin v18.0 - https:\/\/yoast.com\/wordpress\/plugins\/seo\/ -->\n<title>Post-doc : impact de l&#039;information pr\u00e9alable sur les \u00e9v\u00e9nements locaux sur la consommation locale d&#039;\u00e9lectricit\u00e9 - Fondation Grenoble INP<\/title>\n<meta name=\"description\" content=\"De nombreux services propos\u00e9s par Enedis sont r\u00e9alis\u00e9s \u00e0 partir d\u2019estimations locales de consommations et productions \u00e9lectriques au pas de temps demi horaire, pour des mailles g\u00e9ographiques plus ou moins r\u00e9duites (r\u00e9gions, d\u00e9partements, communaut\u00e9s d\u2019agglom\u00e9rations par exemple...). Ce travail de recherche consiste \u00e0 am\u00e9liorer des mod\u00e8les existants d\u2019estimations des s\u00e9ries temporelles de consommation \u00e0 l\u2019\u00e9chelle locale gr\u00e2ce \u00e0 l\u2019int\u00e9gration de donn\u00e9es de r\u00e9seaux sociaux (Instagram, X, ou tout autre r\u00e9seau social pertinent). \u00a0\u00a0\" \/>\n<meta name=\"robots\" content=\"index, follow, max-snippet:-1, max-image-preview:large, max-video-preview:-1\" \/>\n<link rel=\"canonical\" href=\"http:\/\/fondation-grenoble-inp.fr\/en\/projet\/post-doc-impact-de-linformation-prealable-sur-les-evenements-locaux-sur-la-consommation-locale-delectricite\/\" \/>\n<meta property=\"og:locale\" content=\"en_US\" \/>\n<meta property=\"og:type\" content=\"article\" \/>\n<meta property=\"og:title\" content=\"Post-doc : impact de l&#039;information pr\u00e9alable sur les \u00e9v\u00e9nements locaux sur la consommation locale d&#039;\u00e9lectricit\u00e9 - Fondation Grenoble INP\" \/>\n<meta property=\"og:description\" content=\"De nombreux services propos\u00e9s par Enedis sont r\u00e9alis\u00e9s \u00e0 partir d\u2019estimations locales de consommations et productions \u00e9lectriques au pas de temps demi horaire, pour des mailles g\u00e9ographiques plus ou moins r\u00e9duites (r\u00e9gions, d\u00e9partements, communaut\u00e9s d\u2019agglom\u00e9rations par exemple...). Ce travail de recherche consiste \u00e0 am\u00e9liorer des mod\u00e8les existants d\u2019estimations des s\u00e9ries temporelles de consommation \u00e0 l\u2019\u00e9chelle locale gr\u00e2ce \u00e0 l\u2019int\u00e9gration de donn\u00e9es de r\u00e9seaux sociaux (Instagram, X, ou tout autre r\u00e9seau social pertinent). \u00a0\u00a0\" \/>\n<meta property=\"og:url\" content=\"http:\/\/fondation-grenoble-inp.fr\/en\/projet\/post-doc-impact-de-linformation-prealable-sur-les-evenements-locaux-sur-la-consommation-locale-delectricite\/\" \/>\n<meta property=\"og:site_name\" content=\"Fondation Grenoble INP\" \/>\n<meta property=\"article:modified_time\" content=\"2023-12-20T13:41:28+00:00\" \/>\n<meta property=\"og:image\" content=\"https:\/\/fondation-grenoble-inp.fr\/wp-content\/uploads\/2023\/12\/jeune-femme-utilisant-smartphone-train-payer.jpg-1024x704.png\" \/>\n\t<meta property=\"og:image:width\" content=\"1024\" \/>\n\t<meta property=\"og:image:height\" content=\"704\" \/>\n\t<meta property=\"og:image:type\" content=\"image\/png\" \/>\n<meta name=\"twitter:card\" content=\"summary_large_image\" \/>\n<meta name=\"twitter:label1\" content=\"Est. reading time\" \/>\n\t<meta name=\"twitter:data1\" content=\"2 minutes\" \/>\n<script type=\"application\/ld+json\" class=\"yoast-schema-graph\">{\"@context\":\"https:\/\/schema.org\",\"@graph\":[{\"@type\":\"Organization\",\"@id\":\"https:\/\/fondation-grenoble-inp.fr\/#organization\",\"name\":\"Fondation INP Grenoble\",\"url\":\"https:\/\/fondation-grenoble-inp.fr\/\",\"sameAs\":[],\"logo\":{\"@type\":\"ImageObject\",\"@id\":\"https:\/\/fondation-grenoble-inp.fr\/#logo\",\"inLanguage\":\"en-US\",\"url\":\"https:\/\/fondation-grenoble-inp.fr\/wp-content\/uploads\/2021\/03\/cropped-favicon-fondation-inp-grenoble.png\",\"contentUrl\":\"https:\/\/fondation-grenoble-inp.fr\/wp-content\/uploads\/2021\/03\/cropped-favicon-fondation-inp-grenoble.png\",\"width\":512,\"height\":512,\"caption\":\"Fondation INP Grenoble\"},\"image\":{\"@id\":\"https:\/\/fondation-grenoble-inp.fr\/#logo\"}},{\"@type\":\"WebSite\",\"@id\":\"https:\/\/fondation-grenoble-inp.fr\/#website\",\"url\":\"https:\/\/fondation-grenoble-inp.fr\/\",\"name\":\"Fondation Grenoble INP\",\"description\":\"#OsezlAvenir\",\"publisher\":{\"@id\":\"https:\/\/fondation-grenoble-inp.fr\/#organization\"},\"potentialAction\":[{\"@type\":\"SearchAction\",\"target\":{\"@type\":\"EntryPoint\",\"urlTemplate\":\"https:\/\/fondation-grenoble-inp.fr\/?s={search_term_string}\"},\"query-input\":\"required name=search_term_string\"}],\"inLanguage\":\"en-US\"},{\"@type\":\"ImageObject\",\"@id\":\"https:\/\/fondation-grenoble-inp.fr\/projet\/post-doc-impact-de-linformation-prealable-sur-les-evenements-locaux-sur-la-consommation-locale-delectricite\/#primaryimage\",\"inLanguage\":\"en-US\",\"url\":\"https:\/\/fondation-grenoble-inp.fr\/wp-content\/uploads\/2023\/12\/jeune-femme-utilisant-smartphone-train-payer.jpg.png\",\"contentUrl\":\"https:\/\/fondation-grenoble-inp.fr\/wp-content\/uploads\/2023\/12\/jeune-femme-utilisant-smartphone-train-payer.jpg.png\",\"width\":\"6250\",\"height\":\"4296\"},{\"@type\":\"WebPage\",\"@id\":\"https:\/\/fondation-grenoble-inp.fr\/projet\/post-doc-impact-de-linformation-prealable-sur-les-evenements-locaux-sur-la-consommation-locale-delectricite\/#webpage\",\"url\":\"https:\/\/fondation-grenoble-inp.fr\/projet\/post-doc-impact-de-linformation-prealable-sur-les-evenements-locaux-sur-la-consommation-locale-delectricite\/\",\"name\":\"Post-doc : impact de l'information pr\u00e9alable sur les \u00e9v\u00e9nements locaux sur la consommation locale d'\u00e9lectricit\u00e9 - Fondation Grenoble INP\",\"isPartOf\":{\"@id\":\"https:\/\/fondation-grenoble-inp.fr\/#website\"},\"primaryImageOfPage\":{\"@id\":\"https:\/\/fondation-grenoble-inp.fr\/projet\/post-doc-impact-de-linformation-prealable-sur-les-evenements-locaux-sur-la-consommation-locale-delectricite\/#primaryimage\"},\"datePublished\":\"2023-12-20T13:31:11+00:00\",\"dateModified\":\"2023-12-20T13:41:28+00:00\",\"description\":\"De nombreux services propos\u00e9s par Enedis sont r\u00e9alis\u00e9s \u00e0 partir d\u2019estimations locales de consommations et productions \u00e9lectriques au pas de temps demi horaire, pour des mailles g\u00e9ographiques plus ou moins r\u00e9duites (r\u00e9gions, d\u00e9partements, communaut\u00e9s d\u2019agglom\u00e9rations par exemple...). Ce travail de recherche consiste \u00e0 am\u00e9liorer des mod\u00e8les existants d\u2019estimations des s\u00e9ries temporelles de consommation \u00e0 l\u2019\u00e9chelle locale gr\u00e2ce \u00e0 l\u2019int\u00e9gration de donn\u00e9es de r\u00e9seaux sociaux (Instagram, X, ou tout autre r\u00e9seau social pertinent). \u00a0\u00a0\",\"breadcrumb\":{\"@id\":\"https:\/\/fondation-grenoble-inp.fr\/projet\/post-doc-impact-de-linformation-prealable-sur-les-evenements-locaux-sur-la-consommation-locale-delectricite\/#breadcrumb\"},\"inLanguage\":\"en-US\",\"potentialAction\":[{\"@type\":\"ReadAction\",\"target\":[\"https:\/\/fondation-grenoble-inp.fr\/projet\/post-doc-impact-de-linformation-prealable-sur-les-evenements-locaux-sur-la-consommation-locale-delectricite\/\"]}]},{\"@type\":\"BreadcrumbList\",\"@id\":\"https:\/\/fondation-grenoble-inp.fr\/projet\/post-doc-impact-de-linformation-prealable-sur-les-evenements-locaux-sur-la-consommation-locale-delectricite\/#breadcrumb\",\"itemListElement\":[{\"@type\":\"ListItem\",\"position\":1,\"name\":\"Accueil\",\"item\":\"https:\/\/fondation-grenoble-inp.fr\/\"},{\"@type\":\"ListItem\",\"position\":2,\"name\":\"Post-doc : impact de l&rsquo;information pr\u00e9alable sur les \u00e9v\u00e9nements locaux sur la consommation locale d&rsquo;\u00e9lectricit\u00e9\"}]}]}<\/script>\n<!-- \/ Yoast SEO plugin. -->","yoast_head_json":{"title":"Post-doc : impact de l'information pr\u00e9alable sur les \u00e9v\u00e9nements locaux sur la consommation locale d'\u00e9lectricit\u00e9 - Fondation Grenoble INP","description":"De nombreux services propos\u00e9s par Enedis sont r\u00e9alis\u00e9s \u00e0 partir d\u2019estimations locales de consommations et productions \u00e9lectriques au pas de temps demi horaire, pour des mailles g\u00e9ographiques plus ou moins r\u00e9duites (r\u00e9gions, d\u00e9partements, communaut\u00e9s d\u2019agglom\u00e9rations par exemple...). Ce travail de recherche consiste \u00e0 am\u00e9liorer des mod\u00e8les existants d\u2019estimations des s\u00e9ries temporelles de consommation \u00e0 l\u2019\u00e9chelle locale gr\u00e2ce \u00e0 l\u2019int\u00e9gration de donn\u00e9es de r\u00e9seaux sociaux (Instagram, X, ou tout autre r\u00e9seau social pertinent). \u00a0\u00a0","robots":{"index":"index","follow":"follow","max-snippet":"max-snippet:-1","max-image-preview":"max-image-preview:large","max-video-preview":"max-video-preview:-1"},"canonical":"http:\/\/fondation-grenoble-inp.fr\/en\/projet\/post-doc-impact-de-linformation-prealable-sur-les-evenements-locaux-sur-la-consommation-locale-delectricite\/","og_locale":"en_US","og_type":"article","og_title":"Post-doc : impact de l'information pr\u00e9alable sur les \u00e9v\u00e9nements locaux sur la consommation locale d'\u00e9lectricit\u00e9 - Fondation Grenoble INP","og_description":"De nombreux services propos\u00e9s par Enedis sont r\u00e9alis\u00e9s \u00e0 partir d\u2019estimations locales de consommations et productions \u00e9lectriques au pas de temps demi horaire, pour des mailles g\u00e9ographiques plus ou moins r\u00e9duites (r\u00e9gions, d\u00e9partements, communaut\u00e9s d\u2019agglom\u00e9rations par exemple...). Ce travail de recherche consiste \u00e0 am\u00e9liorer des mod\u00e8les existants d\u2019estimations des s\u00e9ries temporelles de consommation \u00e0 l\u2019\u00e9chelle locale gr\u00e2ce \u00e0 l\u2019int\u00e9gration de donn\u00e9es de r\u00e9seaux sociaux (Instagram, X, ou tout autre r\u00e9seau social pertinent). \u00a0\u00a0","og_url":"http:\/\/fondation-grenoble-inp.fr\/en\/projet\/post-doc-impact-de-linformation-prealable-sur-les-evenements-locaux-sur-la-consommation-locale-delectricite\/","og_site_name":"Fondation Grenoble INP","article_modified_time":"2023-12-20T13:41:28+00:00","og_image":[{"width":"1024","height":"704","url":"https:\/\/fondation-grenoble-inp.fr\/wp-content\/uploads\/2023\/12\/jeune-femme-utilisant-smartphone-train-payer.jpg-1024x704.png","type":"image\/png"}],"twitter_card":"summary_large_image","twitter_misc":{"Est. reading time":"2 minutes"},"schema":{"@context":"https:\/\/schema.org","@graph":[{"@type":"Organization","@id":"https:\/\/fondation-grenoble-inp.fr\/#organization","name":"Fondation INP Grenoble","url":"https:\/\/fondation-grenoble-inp.fr\/","sameAs":[],"logo":{"@type":"ImageObject","@id":"https:\/\/fondation-grenoble-inp.fr\/#logo","inLanguage":"en-US","url":"https:\/\/fondation-grenoble-inp.fr\/wp-content\/uploads\/2021\/03\/cropped-favicon-fondation-inp-grenoble.png","contentUrl":"https:\/\/fondation-grenoble-inp.fr\/wp-content\/uploads\/2021\/03\/cropped-favicon-fondation-inp-grenoble.png","width":512,"height":512,"caption":"Fondation INP Grenoble"},"image":{"@id":"https:\/\/fondation-grenoble-inp.fr\/#logo"}},{"@type":"WebSite","@id":"https:\/\/fondation-grenoble-inp.fr\/#website","url":"https:\/\/fondation-grenoble-inp.fr\/","name":"Fondation Grenoble INP","description":"#OsezlAvenir","publisher":{"@id":"https:\/\/fondation-grenoble-inp.fr\/#organization"},"potentialAction":[{"@type":"SearchAction","target":{"@type":"EntryPoint","urlTemplate":"https:\/\/fondation-grenoble-inp.fr\/?s={search_term_string}"},"query-input":"required name=search_term_string"}],"inLanguage":"en-US"},{"@type":"ImageObject","@id":"https:\/\/fondation-grenoble-inp.fr\/projet\/post-doc-impact-de-linformation-prealable-sur-les-evenements-locaux-sur-la-consommation-locale-delectricite\/#primaryimage","inLanguage":"en-US","url":"https:\/\/fondation-grenoble-inp.fr\/wp-content\/uploads\/2023\/12\/jeune-femme-utilisant-smartphone-train-payer.jpg.png","contentUrl":"https:\/\/fondation-grenoble-inp.fr\/wp-content\/uploads\/2023\/12\/jeune-femme-utilisant-smartphone-train-payer.jpg.png","width":"6250","height":"4296"},{"@type":"WebPage","@id":"https:\/\/fondation-grenoble-inp.fr\/projet\/post-doc-impact-de-linformation-prealable-sur-les-evenements-locaux-sur-la-consommation-locale-delectricite\/#webpage","url":"https:\/\/fondation-grenoble-inp.fr\/projet\/post-doc-impact-de-linformation-prealable-sur-les-evenements-locaux-sur-la-consommation-locale-delectricite\/","name":"Post-doc : impact de l'information pr\u00e9alable sur les \u00e9v\u00e9nements locaux sur la consommation locale d'\u00e9lectricit\u00e9 - Fondation Grenoble INP","isPartOf":{"@id":"https:\/\/fondation-grenoble-inp.fr\/#website"},"primaryImageOfPage":{"@id":"https:\/\/fondation-grenoble-inp.fr\/projet\/post-doc-impact-de-linformation-prealable-sur-les-evenements-locaux-sur-la-consommation-locale-delectricite\/#primaryimage"},"datePublished":"2023-12-20T13:31:11+00:00","dateModified":"2023-12-20T13:41:28+00:00","description":"De nombreux services propos\u00e9s par Enedis sont r\u00e9alis\u00e9s \u00e0 partir d\u2019estimations locales de consommations et productions \u00e9lectriques au pas de temps demi horaire, pour des mailles g\u00e9ographiques plus ou moins r\u00e9duites (r\u00e9gions, d\u00e9partements, communaut\u00e9s d\u2019agglom\u00e9rations par exemple...). Ce travail de recherche consiste \u00e0 am\u00e9liorer des mod\u00e8les existants d\u2019estimations des s\u00e9ries temporelles de consommation \u00e0 l\u2019\u00e9chelle locale gr\u00e2ce \u00e0 l\u2019int\u00e9gration de donn\u00e9es de r\u00e9seaux sociaux (Instagram, X, ou tout autre r\u00e9seau social pertinent). \u00a0\u00a0","breadcrumb":{"@id":"https:\/\/fondation-grenoble-inp.fr\/projet\/post-doc-impact-de-linformation-prealable-sur-les-evenements-locaux-sur-la-consommation-locale-delectricite\/#breadcrumb"},"inLanguage":"en-US","potentialAction":[{"@type":"ReadAction","target":["https:\/\/fondation-grenoble-inp.fr\/projet\/post-doc-impact-de-linformation-prealable-sur-les-evenements-locaux-sur-la-consommation-locale-delectricite\/"]}]},{"@type":"BreadcrumbList","@id":"https:\/\/fondation-grenoble-inp.fr\/projet\/post-doc-impact-de-linformation-prealable-sur-les-evenements-locaux-sur-la-consommation-locale-delectricite\/#breadcrumb","itemListElement":[{"@type":"ListItem","position":1,"name":"Accueil","item":"https:\/\/fondation-grenoble-inp.fr\/"},{"@type":"ListItem","position":2,"name":"Post-doc : impact de l&rsquo;information pr\u00e9alable sur les \u00e9v\u00e9nements locaux sur la consommation locale d&rsquo;\u00e9lectricit\u00e9"}]}]}},"_links":{"self":[{"href":"http:\/\/fondation-grenoble-inp.fr\/en\/wp-json\/wp\/v2\/projet\/17278"}],"collection":[{"href":"http:\/\/fondation-grenoble-inp.fr\/en\/wp-json\/wp\/v2\/projet"}],"about":[{"href":"http:\/\/fondation-grenoble-inp.fr\/en\/wp-json\/wp\/v2\/types\/projet"}],"wp:featuredmedia":[{"embeddable":true,"href":"http:\/\/fondation-grenoble-inp.fr\/en\/wp-json\/wp\/v2\/media\/17279"}],"wp:attachment":[{"href":"http:\/\/fondation-grenoble-inp.fr\/en\/wp-json\/wp\/v2\/media?parent=17278"}],"curies":[{"name":"wp","href":"https:\/\/api.w.org\/{rel}","templated":true}]}}