{"id":12654,"date":"2021-06-16T17:20:16","date_gmt":"2021-06-16T15:20:16","guid":{"rendered":"https:\/\/fondation-grenoble-inp.fr\/?post_type=projet&#038;p=12654"},"modified":"2024-03-11T10:51:39","modified_gmt":"2024-03-11T09:51:39","slug":"integration-dobjets-securises-dans-les-plates-formes-dediees-et-les-applications-pervasives-qui-y-sont-associees","status":"publish","type":"projet","link":"https:\/\/fondation-grenoble-inp.fr\/en\/projet\/integration-dobjets-securises-dans-les-plates-formes-dediees-et-les-applications-pervasives-qui-y-sont-associees\/","title":{"rendered":"Integration of secure objects in dedicated platforms and associated pervasive applications"},"content":{"rendered":"<p><strong>Porteur.s du projet&nbsp;:<\/strong> <\/p>\n\n\n\n<p>Doctorant&nbsp;: Arthur Desuert <\/p>\n\n\n\n<p>Encadrement de la th\u00e8se&nbsp;: St\u00e9phanie Chollet, Laurent Pion, David H\u00e9ly<\/p>\n\n\n\n<p><strong>Axe de recherche du projet&nbsp;: <\/strong>Le pervasif et la cyber s\u00e9curit\u00e9 appliqu\u00e9 au domaine de l\u2019Internet des Objets et de ses applications<\/p>\n\n\n\n<p><strong>Organisme.s associ\u00e9.s au projet :<\/strong> Le laboratoire LCIS et la chaire Trust<\/p>\n\n\n\n<p><strong><strong>The project<\/strong><\/strong> : <\/p>\n\n\n\n<p>\u00ab\u00a0Pervasif ou pervasive\u00a0\u00bb signifie \u00e0 la fois ubiquitaire, ambiant et transparent. L\u2019utilisation de ce terme dans ce contexte correspond un relatif envahissement des syst\u00e8mes informatiques et des logiciels dans le monde physique qui nous entoure. Ces syst\u00e8mes offrent des services sophistiqu\u00e9s \u00e0 leurs utilisateurs bas\u00e9s sur des propri\u00e9t\u00e9s d\u2019intelligence, d\u2019autonomie et de communication. Ils peuvent \u00eatre totalement int\u00e9gr\u00e9s \u00e0 notre environnement de sorte qu\u2019on les utilise maintenant de mani\u00e8re naturelle sans avoir la sensation de faire des gestes ou des efforts particuliers. Les principaux domaines d\u2019applications sont souvent li\u00e9s \u00e0 notre habitat, qu\u2019il soit individuel ou collectif, par extension on y trouve \u00e9galement les villes et les usines de production. Des environnements qui sont largement \u00e9quip\u00e9s de capteurs et actionneurs permettant de faire du monitoring et\/ou du contr\u00f4le-commande pour de la r\u00e9gulation de temp\u00e9rature, d\u2019\u00e9clairage, et cetera. La multiplication de ces usages ainsi que la facilit\u00e9 et transparence de leurs utilisations posent in\u00e9vitablement des probl\u00e8mes de s\u00e9curit\u00e9 et de confidentialit\u00e9 des informations qui y sont manipul\u00e9es.<\/p>\n\n\n\n<p>Les deux objectifs principaux de ce travail de th\u00e8se sont les suivants&nbsp;:<\/p>\n\n\n\n<ul id=\"block-61d7d7ff-f014-491c-a1bd-ad5ec28702bf\"><li>L\u2019int\u00e9gration de plusieurs m\u00e9canismes, mod\u00e8les et solutions de s\u00e9curit\u00e9 au sein d\u2019une m\u00eame plate-forme de gestion d\u2019objets connect\u00e9s ainsi que les contraintes et cons\u00e9quences pour les applications qui les utilisent.la r\u00e9silience d\u2019une flotte de robots,<\/li><li>Le second objectif sera de proposer une solution de s\u00e9curit\u00e9 \u00e0 faible co\u00fbt \u00e0 base de mat\u00e9riel disposant d\u2019une technologie de type Physical Unclonable Functions (PUF) dans le but de compl\u00e9ter astucieusement les solutions existantes et d\u2019offrir un mod\u00e8le de s\u00e9curit\u00e9 plus intrins\u00e8que et abordable (co\u00fbt versus les cas usages)<\/li><\/ul>\n\n\n\n<p><strong>Expected results :<\/strong><\/p>\n\n\n\n<p>L\u2019objectif final sera de concevoir et d\u2019impl\u00e9menter une plate-forme de d\u00e9monstration des technologies et nouveaux services de s\u00e9curit\u00e9 d\u00e9velopp\u00e9s dans le cadre de la th\u00e8se. Cette plate-forme acad\u00e9mique pourrait servir de solution de base \u00e0 d\u2019autres travaux sur la m\u00eame th\u00e9matique de l\u2019IoT et des syst\u00e8mes cyber-physiques du laboratoire LCIS dans le futur.<\/p>\n\n\n\n<p><strong>Publication.s&nbsp;associ\u00e9es au projet :<\/strong><\/p>\n\n\n\n<p><strong><a href=\"https:\/\/content.iospress.com\/articles\/journal-of-ambient-intelligence-and-smart-environments\/ais210325\" target=\"_blank\" rel=\"noreferrer noopener\">Refillable PUF authentication protocol for constrained devices<\/a> <\/strong>&#8211; octobre 2021 <\/p>\n\n\n\n<p><strong><a href=\"https:\/\/fondation-grenoble-inp.fr\/wp-content\/uploads\/2024\/03\/01_desuert_PUF-based_protocol_USAGE-PRIVE.pdf\">PUF-Based Protocol for Securing Constrained Devices<\/a> <\/strong>&#8211; juin 2021  <\/p>\n\n\n\n<p><a href=\"https:\/\/fondation-grenoble-inp.fr\/wp-content\/uploads\/2024\/03\/02_desuert_Refillable-PUF-authentication-protocol_USAGE-PRIVE.pdf\" target=\"_blank\" rel=\"noreferrer noopener\"><strong>Refillable PUF authentication protocol for constrained devices<\/strong><\/a> &#8211; janvier 2022<\/p>\n\n\n\n<p><strong><a href=\"https:\/\/fondation-grenoble-inp.fr\/wp-content\/uploads\/2024\/03\/03_desuert_Middleware-secure-integration-edge-devices_USAGE-PRIVE.pdf\">A Middleware for Secure Integration of Heterogeneous Edge Devices<\/a> <\/strong>&#8211; juillet 2022<\/p>\n\n\n\n<p><strong>Planning&nbsp;:<\/strong><\/p>\n\n\n\n<p>D\u00e9marrage des travaux en octobre 2020 pour une dur\u00e9e de trois ans, soit une fin pr\u00e9vue en septembre 2023<\/p>\n\n\n\n<p><\/p>","protected":false},"excerpt":{"rendered":"<p>Porteur.s du projet&nbsp;: Doctorant&nbsp;: Arthur Desuert Encadrement de la th\u00e8se&nbsp;: St\u00e9phanie Chollet, Laurent Pion, David H\u00e9ly Axe de recherche du projet&nbsp;: Le pervasif et la cyber s\u00e9curit\u00e9 appliqu\u00e9 au domaine de l\u2019Internet des Objets et de ses applications Organisme.s associ\u00e9.s au projet : Le laboratoire LCIS et la chaire Trust Le projet : \u00ab\u00a0Pervasif ou [&hellip;]<\/p>","protected":false},"featured_media":12664,"template":"","acf":[],"yoast_head":"<!-- This site is optimized with the Yoast SEO plugin v18.0 - https:\/\/yoast.com\/wordpress\/plugins\/seo\/ -->\n<title>Int\u00e9gration d&#039;objets s\u00e9curis\u00e9s dans les plateformes et applis pervasives<\/title>\n<meta name=\"description\" content=\"Int\u00e9gration de solutions de s\u00e9curit\u00e9 au sein d\u2019une plate-forme de gestion d\u2019objets connect\u00e9s ainsi que les contraintes et cons\u00e9quences...\" \/>\n<meta name=\"robots\" content=\"index, follow, max-snippet:-1, max-image-preview:large, max-video-preview:-1\" \/>\n<link rel=\"canonical\" href=\"https:\/\/fondation-grenoble-inp.fr\/en\/projet\/integration-dobjets-securises-dans-les-plates-formes-dediees-et-les-applications-pervasives-qui-y-sont-associees\/\" \/>\n<meta property=\"og:locale\" content=\"en_US\" \/>\n<meta property=\"og:type\" content=\"article\" \/>\n<meta property=\"og:title\" content=\"Int\u00e9gration d&#039;objets s\u00e9curis\u00e9s dans les plateformes et applis pervasives\" \/>\n<meta property=\"og:description\" content=\"Int\u00e9gration de solutions de s\u00e9curit\u00e9 au sein d\u2019une plate-forme de gestion d\u2019objets connect\u00e9s ainsi que les contraintes et cons\u00e9quences...\" \/>\n<meta property=\"og:url\" content=\"https:\/\/fondation-grenoble-inp.fr\/en\/projet\/integration-dobjets-securises-dans-les-plates-formes-dediees-et-les-applications-pervasives-qui-y-sont-associees\/\" \/>\n<meta property=\"og:site_name\" content=\"Fondation Grenoble INP\" \/>\n<meta property=\"article:modified_time\" content=\"2024-03-11T09:51:39+00:00\" \/>\n<meta property=\"og:image\" content=\"https:\/\/fondation-grenoble-inp.fr\/wp-content\/uploads\/2021\/06\/Image1.jpg\" \/>\n\t<meta property=\"og:image:width\" content=\"1383\" \/>\n\t<meta property=\"og:image:height\" content=\"750\" \/>\n\t<meta property=\"og:image:type\" content=\"image\/jpeg\" \/>\n<meta name=\"twitter:card\" content=\"summary_large_image\" \/>\n<meta name=\"twitter:label1\" content=\"Est. reading time\" \/>\n\t<meta name=\"twitter:data1\" content=\"3 minutes\" \/>\n<script type=\"application\/ld+json\" class=\"yoast-schema-graph\">{\"@context\":\"https:\/\/schema.org\",\"@graph\":[{\"@type\":\"Organization\",\"@id\":\"https:\/\/fondation-grenoble-inp.fr\/#organization\",\"name\":\"Fondation INP Grenoble\",\"url\":\"https:\/\/fondation-grenoble-inp.fr\/\",\"sameAs\":[],\"logo\":{\"@type\":\"ImageObject\",\"@id\":\"https:\/\/fondation-grenoble-inp.fr\/#logo\",\"inLanguage\":\"en-US\",\"url\":\"https:\/\/fondation-grenoble-inp.fr\/wp-content\/uploads\/2021\/03\/cropped-favicon-fondation-inp-grenoble.png\",\"contentUrl\":\"https:\/\/fondation-grenoble-inp.fr\/wp-content\/uploads\/2021\/03\/cropped-favicon-fondation-inp-grenoble.png\",\"width\":512,\"height\":512,\"caption\":\"Fondation INP Grenoble\"},\"image\":{\"@id\":\"https:\/\/fondation-grenoble-inp.fr\/#logo\"}},{\"@type\":\"WebSite\",\"@id\":\"https:\/\/fondation-grenoble-inp.fr\/#website\",\"url\":\"https:\/\/fondation-grenoble-inp.fr\/\",\"name\":\"Fondation Grenoble INP\",\"description\":\"#OsezlAvenir\",\"publisher\":{\"@id\":\"https:\/\/fondation-grenoble-inp.fr\/#organization\"},\"potentialAction\":[{\"@type\":\"SearchAction\",\"target\":{\"@type\":\"EntryPoint\",\"urlTemplate\":\"https:\/\/fondation-grenoble-inp.fr\/?s={search_term_string}\"},\"query-input\":\"required name=search_term_string\"}],\"inLanguage\":\"en-US\"},{\"@type\":\"ImageObject\",\"@id\":\"https:\/\/fondation-grenoble-inp.fr\/projet\/integration-dobjets-securises-dans-les-plates-formes-dediees-et-les-applications-pervasives-qui-y-sont-associees\/#primaryimage\",\"inLanguage\":\"en-US\",\"url\":\"https:\/\/fondation-grenoble-inp.fr\/wp-content\/uploads\/2021\/06\/Image1.jpg\",\"contentUrl\":\"https:\/\/fondation-grenoble-inp.fr\/wp-content\/uploads\/2021\/06\/Image1.jpg\",\"width\":1383,\"height\":750},{\"@type\":\"WebPage\",\"@id\":\"https:\/\/fondation-grenoble-inp.fr\/projet\/integration-dobjets-securises-dans-les-plates-formes-dediees-et-les-applications-pervasives-qui-y-sont-associees\/#webpage\",\"url\":\"https:\/\/fondation-grenoble-inp.fr\/projet\/integration-dobjets-securises-dans-les-plates-formes-dediees-et-les-applications-pervasives-qui-y-sont-associees\/\",\"name\":\"Int\u00e9gration d'objets s\u00e9curis\u00e9s dans les plateformes et applis pervasives\",\"isPartOf\":{\"@id\":\"https:\/\/fondation-grenoble-inp.fr\/#website\"},\"primaryImageOfPage\":{\"@id\":\"https:\/\/fondation-grenoble-inp.fr\/projet\/integration-dobjets-securises-dans-les-plates-formes-dediees-et-les-applications-pervasives-qui-y-sont-associees\/#primaryimage\"},\"datePublished\":\"2021-06-16T15:20:16+00:00\",\"dateModified\":\"2024-03-11T09:51:39+00:00\",\"description\":\"Int\u00e9gration de solutions de s\u00e9curit\u00e9 au sein d\u2019une plate-forme de gestion d\u2019objets connect\u00e9s ainsi que les contraintes et cons\u00e9quences...\",\"breadcrumb\":{\"@id\":\"https:\/\/fondation-grenoble-inp.fr\/projet\/integration-dobjets-securises-dans-les-plates-formes-dediees-et-les-applications-pervasives-qui-y-sont-associees\/#breadcrumb\"},\"inLanguage\":\"en-US\",\"potentialAction\":[{\"@type\":\"ReadAction\",\"target\":[\"https:\/\/fondation-grenoble-inp.fr\/projet\/integration-dobjets-securises-dans-les-plates-formes-dediees-et-les-applications-pervasives-qui-y-sont-associees\/\"]}]},{\"@type\":\"BreadcrumbList\",\"@id\":\"https:\/\/fondation-grenoble-inp.fr\/projet\/integration-dobjets-securises-dans-les-plates-formes-dediees-et-les-applications-pervasives-qui-y-sont-associees\/#breadcrumb\",\"itemListElement\":[{\"@type\":\"ListItem\",\"position\":1,\"name\":\"Accueil\",\"item\":\"https:\/\/fondation-grenoble-inp.fr\/\"},{\"@type\":\"ListItem\",\"position\":2,\"name\":\"Int\u00e9gration d\u2019objets s\u00e9curis\u00e9s dans les plates-formes d\u00e9di\u00e9es et les applications pervasives qui y sont associ\u00e9es.\"}]}]}<\/script>\n<!-- \/ Yoast SEO plugin. -->","yoast_head_json":{"title":"Int\u00e9gration d'objets s\u00e9curis\u00e9s dans les plateformes et applis pervasives","description":"Int\u00e9gration de solutions de s\u00e9curit\u00e9 au sein d\u2019une plate-forme de gestion d\u2019objets connect\u00e9s ainsi que les contraintes et cons\u00e9quences...","robots":{"index":"index","follow":"follow","max-snippet":"max-snippet:-1","max-image-preview":"max-image-preview:large","max-video-preview":"max-video-preview:-1"},"canonical":"https:\/\/fondation-grenoble-inp.fr\/en\/projet\/integration-dobjets-securises-dans-les-plates-formes-dediees-et-les-applications-pervasives-qui-y-sont-associees\/","og_locale":"en_US","og_type":"article","og_title":"Int\u00e9gration d'objets s\u00e9curis\u00e9s dans les plateformes et applis pervasives","og_description":"Int\u00e9gration de solutions de s\u00e9curit\u00e9 au sein d\u2019une plate-forme de gestion d\u2019objets connect\u00e9s ainsi que les contraintes et cons\u00e9quences...","og_url":"https:\/\/fondation-grenoble-inp.fr\/en\/projet\/integration-dobjets-securises-dans-les-plates-formes-dediees-et-les-applications-pervasives-qui-y-sont-associees\/","og_site_name":"Fondation Grenoble INP","article_modified_time":"2024-03-11T09:51:39+00:00","og_image":[{"width":1383,"height":750,"url":"https:\/\/fondation-grenoble-inp.fr\/wp-content\/uploads\/2021\/06\/Image1.jpg","type":"image\/jpeg"}],"twitter_card":"summary_large_image","twitter_misc":{"Est. reading time":"3 minutes"},"schema":{"@context":"https:\/\/schema.org","@graph":[{"@type":"Organization","@id":"https:\/\/fondation-grenoble-inp.fr\/#organization","name":"Fondation INP Grenoble","url":"https:\/\/fondation-grenoble-inp.fr\/","sameAs":[],"logo":{"@type":"ImageObject","@id":"https:\/\/fondation-grenoble-inp.fr\/#logo","inLanguage":"en-US","url":"https:\/\/fondation-grenoble-inp.fr\/wp-content\/uploads\/2021\/03\/cropped-favicon-fondation-inp-grenoble.png","contentUrl":"https:\/\/fondation-grenoble-inp.fr\/wp-content\/uploads\/2021\/03\/cropped-favicon-fondation-inp-grenoble.png","width":512,"height":512,"caption":"Fondation INP Grenoble"},"image":{"@id":"https:\/\/fondation-grenoble-inp.fr\/#logo"}},{"@type":"WebSite","@id":"https:\/\/fondation-grenoble-inp.fr\/#website","url":"https:\/\/fondation-grenoble-inp.fr\/","name":"Fondation Grenoble INP","description":"#OsezlAvenir","publisher":{"@id":"https:\/\/fondation-grenoble-inp.fr\/#organization"},"potentialAction":[{"@type":"SearchAction","target":{"@type":"EntryPoint","urlTemplate":"https:\/\/fondation-grenoble-inp.fr\/?s={search_term_string}"},"query-input":"required name=search_term_string"}],"inLanguage":"en-US"},{"@type":"ImageObject","@id":"https:\/\/fondation-grenoble-inp.fr\/projet\/integration-dobjets-securises-dans-les-plates-formes-dediees-et-les-applications-pervasives-qui-y-sont-associees\/#primaryimage","inLanguage":"en-US","url":"https:\/\/fondation-grenoble-inp.fr\/wp-content\/uploads\/2021\/06\/Image1.jpg","contentUrl":"https:\/\/fondation-grenoble-inp.fr\/wp-content\/uploads\/2021\/06\/Image1.jpg","width":1383,"height":750},{"@type":"WebPage","@id":"https:\/\/fondation-grenoble-inp.fr\/projet\/integration-dobjets-securises-dans-les-plates-formes-dediees-et-les-applications-pervasives-qui-y-sont-associees\/#webpage","url":"https:\/\/fondation-grenoble-inp.fr\/projet\/integration-dobjets-securises-dans-les-plates-formes-dediees-et-les-applications-pervasives-qui-y-sont-associees\/","name":"Int\u00e9gration d'objets s\u00e9curis\u00e9s dans les plateformes et applis pervasives","isPartOf":{"@id":"https:\/\/fondation-grenoble-inp.fr\/#website"},"primaryImageOfPage":{"@id":"https:\/\/fondation-grenoble-inp.fr\/projet\/integration-dobjets-securises-dans-les-plates-formes-dediees-et-les-applications-pervasives-qui-y-sont-associees\/#primaryimage"},"datePublished":"2021-06-16T15:20:16+00:00","dateModified":"2024-03-11T09:51:39+00:00","description":"Int\u00e9gration de solutions de s\u00e9curit\u00e9 au sein d\u2019une plate-forme de gestion d\u2019objets connect\u00e9s ainsi que les contraintes et cons\u00e9quences...","breadcrumb":{"@id":"https:\/\/fondation-grenoble-inp.fr\/projet\/integration-dobjets-securises-dans-les-plates-formes-dediees-et-les-applications-pervasives-qui-y-sont-associees\/#breadcrumb"},"inLanguage":"en-US","potentialAction":[{"@type":"ReadAction","target":["https:\/\/fondation-grenoble-inp.fr\/projet\/integration-dobjets-securises-dans-les-plates-formes-dediees-et-les-applications-pervasives-qui-y-sont-associees\/"]}]},{"@type":"BreadcrumbList","@id":"https:\/\/fondation-grenoble-inp.fr\/projet\/integration-dobjets-securises-dans-les-plates-formes-dediees-et-les-applications-pervasives-qui-y-sont-associees\/#breadcrumb","itemListElement":[{"@type":"ListItem","position":1,"name":"Accueil","item":"https:\/\/fondation-grenoble-inp.fr\/"},{"@type":"ListItem","position":2,"name":"Int\u00e9gration d\u2019objets s\u00e9curis\u00e9s dans les plates-formes d\u00e9di\u00e9es et les applications pervasives qui y sont associ\u00e9es."}]}]}},"_links":{"self":[{"href":"https:\/\/fondation-grenoble-inp.fr\/en\/wp-json\/wp\/v2\/projet\/12654"}],"collection":[{"href":"https:\/\/fondation-grenoble-inp.fr\/en\/wp-json\/wp\/v2\/projet"}],"about":[{"href":"https:\/\/fondation-grenoble-inp.fr\/en\/wp-json\/wp\/v2\/types\/projet"}],"wp:featuredmedia":[{"embeddable":true,"href":"https:\/\/fondation-grenoble-inp.fr\/en\/wp-json\/wp\/v2\/media\/12664"}],"wp:attachment":[{"href":"https:\/\/fondation-grenoble-inp.fr\/en\/wp-json\/wp\/v2\/media?parent=12654"}],"curies":[{"name":"wp","href":"https:\/\/api.w.org\/{rel}","templated":true}]}}